{"id":723,"date":"2026-01-29T17:57:30","date_gmt":"2026-01-29T20:57:30","guid":{"rendered":"https:\/\/calidadbc.com\/?page_id=723"},"modified":"2026-01-31T15:48:07","modified_gmt":"2026-01-31T18:48:07","slug":"facilitadores-internos-del-sistema-de-gestion-de-la-calidad-sgc","status":"publish","type":"page","link":"https:\/\/calidadbc.com\/index.php\/facilitadores-internos-del-sistema-de-gestion-de-la-calidad-sgc\/","title":{"rendered":"Facilitadores Internos del Sistema de Gesti\u00f3n de la Calidad (SGC)"},"content":{"rendered":"\n<h3 class=\"wp-block-heading has-text-align-center\" style=\"font-size:25px\"><strong>Programa de Formaci\u00f3n basado en la Norma ISO 9001<\/strong><\/h3>\n\n\n\n<h3 class=\"wp-block-heading has-text-align-center\" style=\"font-size:18px\"><strong><em>Fortalezca el Sistema de Gesti\u00f3n de la Calidad desde dentro de su organizaci\u00f3n<\/em><\/strong><\/h3>\n\n\n\n<p style=\"font-size:15px\">Esta capacitaci\u00f3n ha sido dise\u00f1ada para desarrollar <strong>Facilitadores Internos del Sistema de Gesti\u00f3n de la Calidad<\/strong>, capaces de acompa\u00f1ar, sostener y mejorar el SGC de manera sistem\u00e1tica y sostenible, promoviendo el enfoque a procesos, el pensamiento basado en riesgos y la mejora continua, conforme a los requisitos de la Norma ISO 9001.<\/p>\n\n\n\n<h2 class=\"wp-block-heading\" style=\"font-size:18px\">Lo que aprender\u00e1s<\/h2>\n\n\n\n<div class=\"wp-block-columns has-background-color-background-color has-background is-layout-flex wp-container-core-columns-is-layout-9d6595d7 wp-block-columns-is-layout-flex\">\n<div class=\"wp-block-column is-vertically-aligned-center has-background-color-background-color has-background is-layout-flow wp-block-column-is-layout-flow\">\n<ul class=\"wp-block-list\">\n<li style=\"font-size:13px\">Comprender en profundidad <strong>todos los requisitos de la Norma ISO 9001:2015<\/strong>, ratificada por la organizaci\u00f3n ISO, y su correcta interpretaci\u00f3n.<\/li>\n\n\n\n<li style=\"font-size:13px\">Implementar la Norma ISO 9001 en tu empresa de manera <strong>\u00e1gil, sencilla, adecuada y pr\u00e1ctica<\/strong>, sin complejidades innecesarias.<\/li>\n\n\n\n<li style=\"font-size:13px\">Aplicar <strong>ejemplos reales y modelos probados<\/strong>, desarrollados e implementados en m\u00e1s de <strong>250 organizaciones<\/strong> de distintos sectores.<\/li>\n\n\n\n<li style=\"font-size:13px\">Traducir cada requisito de la norma en <strong>acciones concretas<\/strong> adaptadas a la realidad de tu organizaci\u00f3n.<\/li>\n\n\n\n<li style=\"font-size:13px\">Implementar progresivamente el Sistema de Gesti\u00f3n de la Calidad a trav\u00e9s de <strong>ejercicios y tareas pr\u00e1cticas<\/strong> orientadas a resultados.<\/li>\n<\/ul>\n<\/div>\n\n\n\n<div class=\"wp-block-column has-background-color-background-color has-background is-layout-flow wp-block-column-is-layout-flow\">\n<ul class=\"wp-block-list\">\n<li style=\"font-size:13px\">Elaborar un <strong>cronograma de implementaci\u00f3n del SGC<\/strong>, definiendo actividades, responsables y tiempos aproximados.<\/li>\n\n\n\n<li style=\"font-size:13px\">Comprender en qu\u00e9 consiste el <strong>proceso de certificaci\u00f3n ISO 9001<\/strong> y c\u00f3mo prepararse para alcanzarlo con \u00e9xito.<\/li>\n\n\n\n<li style=\"font-size:13px\">Identificar los <strong>aspectos cr\u00edticos de la implementaci\u00f3n<\/strong> que suelen generar dificultades en las organizaciones.<\/li>\n\n\n\n<li style=\"font-size:13px\">Conocer los <strong>requisitos m\u00e1s frecuentemente incumplidos<\/strong> en auditor\u00edas de certificaci\u00f3n.<\/li>\n\n\n\n<li style=\"font-size:13px\">Prepararte para afrontar auditor\u00edas externas, <strong>evitando errores comunes<\/strong> y fortaleciendo el desempe\u00f1o del SGC.<\/li>\n<\/ul>\n<\/div>\n<\/div>\n\n\n\n<p><\/p>\n\n\n\n<h2 class=\"wp-block-heading\" style=\"font-size:18px\">\u00bfPara qui\u00e9n es este curso?<\/h2>\n\n\n\n<ul class=\"wp-block-list\">\n<li style=\"font-size:15px\">Gerentes, Directores, Jefes, Supervisores o Inspectores de \u00e1reas relacionadas con la Calidad.<\/li>\n\n\n\n<li style=\"font-size:15px\">L\u00edderes de procesos que requieran entender e implementar ISO 9001:2015 en sus actividades.<\/li>\n\n\n\n<li style=\"font-size:15px\">Personal involucrado en Control, Aseguramiento o Gesti\u00f3n de calidad en la empresa.<\/li>\n\n\n\n<li style=\"font-size:15px\">Estudiantes universitarios interesados en entender la filosof\u00eda de la norma ISO 9001:2015.<\/li>\n\n\n\n<li style=\"font-size:15px\">Gerentes de empresas interesadas en alcanzar la certificaci\u00f3n ISO 9001:2015.<\/li>\n<\/ul>\n\n\n\n<h2 class=\"wp-block-heading\" style=\"font-size:18px\">Contenidos del programa<\/h2>\n\n\n\n<div data-wp-context=\"{ &quot;autoclose&quot;: false, &quot;accordionItems&quot;: [] }\" data-wp-interactive=\"core\/accordion\" role=\"group\" class=\"wp-block-accordion is-layout-flow wp-block-accordion-is-layout-flow\">\n<div data-wp-class--is-open=\"state.isOpen\" data-wp-context=\"{ &quot;id&quot;: &quot;accordion-item-1&quot;, &quot;openByDefault&quot;: false }\" data-wp-init=\"callbacks.initAccordionItems\" data-wp-on-window--hashchange=\"callbacks.hashChange\" class=\"wp-block-accordion-item is-layout-flow wp-block-accordion-item-is-layout-flow\">\n<h3 class=\"wp-block-accordion-heading has-background-color-background-color has-background\" style=\"font-size:18px\"><button aria-expanded=\"false\" aria-controls=\"accordion-item-1-panel\" data-wp-bind--aria-expanded=\"state.isOpen\" data-wp-on--click=\"actions.toggle\" data-wp-on--keydown=\"actions.handleKeyDown\" id=\"accordion-item-1\" class=\"wp-block-accordion-heading__toggle\"><span class=\"wp-block-accordion-heading__toggle-title\">M\u00f3dulo 1 \u2013 El rol del Facilitador Interno<\/span><span class=\"wp-block-accordion-heading__toggle-icon\" aria-hidden=\"true\">+<\/span><\/button><\/h3>\n\n\n\n<div inert aria-labelledby=\"accordion-item-1\" data-wp-bind--inert=\"!state.isOpen\" id=\"accordion-item-1-panel\" role=\"region\" class=\"wp-block-accordion-panel is-layout-flow wp-block-accordion-panel-is-layout-flow\">\n<ul class=\"wp-block-list\">\n<li style=\"font-size:15px\">Rol estrat\u00e9gico del Facilitador Interno en el SGC y en Sistemas de Gesti\u00f3n Integrados<\/li>\n\n\n\n<li style=\"font-size:15px\">Principios de la calidad y conceptos clave de ISO 9001<\/li>\n\n\n\n<li style=\"font-size:15px\">Competencias, habilidades y conocimientos del Facilitador Interno<\/li>\n\n\n\n<li style=\"font-size:15px\">Introducci\u00f3n y repaso general de la Norma ISO 9001<\/li>\n<\/ul>\n<\/div>\n<\/div>\n<\/div>\n\n\n\n<div data-wp-context=\"{ &quot;autoclose&quot;: false, &quot;accordionItems&quot;: [] }\" data-wp-interactive=\"core\/accordion\" role=\"group\" class=\"wp-block-accordion is-layout-flow wp-block-accordion-is-layout-flow\">\n<div data-wp-class--is-open=\"state.isOpen\" data-wp-context=\"{ &quot;id&quot;: &quot;accordion-item-2&quot;, &quot;openByDefault&quot;: false }\" data-wp-init=\"callbacks.initAccordionItems\" data-wp-on-window--hashchange=\"callbacks.hashChange\" class=\"wp-block-accordion-item is-layout-flow wp-block-accordion-item-is-layout-flow\">\n<h3 class=\"wp-block-accordion-heading has-background-color-background-color has-background\" style=\"font-size:18px\"><button aria-expanded=\"false\" aria-controls=\"accordion-item-2-panel\" data-wp-bind--aria-expanded=\"state.isOpen\" data-wp-on--click=\"actions.toggle\" data-wp-on--keydown=\"actions.handleKeyDown\" id=\"accordion-item-2\" class=\"wp-block-accordion-heading__toggle\"><span class=\"wp-block-accordion-heading__toggle-title\">M\u00f3dulo 2 \u2013 Planificaci\u00f3n del Sistema de Gesti\u00f3n<\/span><span class=\"wp-block-accordion-heading__toggle-icon\" aria-hidden=\"true\">+<\/span><\/button><\/h3>\n\n\n\n<div inert aria-labelledby=\"accordion-item-2\" data-wp-bind--inert=\"!state.isOpen\" id=\"accordion-item-2-panel\" role=\"region\" class=\"wp-block-accordion-panel is-layout-flow wp-block-accordion-panel-is-layout-flow\">\n<ul class=\"wp-block-list\">\n<li style=\"font-size:15px\">Contexto de la organizaci\u00f3n y estructuraci\u00f3n del SGC<\/li>\n\n\n\n<li style=\"font-size:15px\">Liderazgo y compromiso de la Direcci\u00f3n<\/li>\n\n\n\n<li style=\"font-size:15px\">Pensamiento basado en riesgos y oportunidades<\/li>\n\n\n\n<li style=\"font-size:15px\">Definici\u00f3n y seguimiento de los objetivos del SGC<\/li>\n<\/ul>\n<\/div>\n<\/div>\n<\/div>\n\n\n\n<div data-wp-context=\"{ &quot;autoclose&quot;: false, &quot;accordionItems&quot;: [] }\" data-wp-interactive=\"core\/accordion\" role=\"group\" class=\"wp-block-accordion is-layout-flow wp-block-accordion-is-layout-flow\">\n<div data-wp-class--is-open=\"state.isOpen\" data-wp-context=\"{ &quot;id&quot;: &quot;accordion-item-3&quot;, &quot;openByDefault&quot;: false }\" data-wp-init=\"callbacks.initAccordionItems\" data-wp-on-window--hashchange=\"callbacks.hashChange\" class=\"wp-block-accordion-item is-layout-flow wp-block-accordion-item-is-layout-flow\">\n<h3 class=\"wp-block-accordion-heading has-background-color-background-color has-background\" style=\"font-size:18px\"><button aria-expanded=\"false\" aria-controls=\"accordion-item-3-panel\" data-wp-bind--aria-expanded=\"state.isOpen\" data-wp-on--click=\"actions.toggle\" data-wp-on--keydown=\"actions.handleKeyDown\" id=\"accordion-item-3\" class=\"wp-block-accordion-heading__toggle\"><span class=\"wp-block-accordion-heading__toggle-title\">M\u00f3dulo 3 \u2013 Gesti\u00f3n de los procesos de apoyo<\/span><span class=\"wp-block-accordion-heading__toggle-icon\" aria-hidden=\"true\">+<\/span><\/button><\/h3>\n\n\n\n<div inert aria-labelledby=\"accordion-item-3\" data-wp-bind--inert=\"!state.isOpen\" id=\"accordion-item-3-panel\" role=\"region\" class=\"wp-block-accordion-panel is-layout-flow wp-block-accordion-panel-is-layout-flow\">\n<ul class=\"wp-block-list\">\n<li style=\"font-size:15px\">Gesti\u00f3n de las personas y sus competencias<\/li>\n\n\n\n<li style=\"font-size:15px\">Infraestructura y ambiente de trabajo<\/li>\n\n\n\n<li style=\"font-size:15px\">Gesti\u00f3n del mantenimiento<\/li>\n\n\n\n<li style=\"font-size:15px\">Recursos de seguimiento y medici\u00f3n<\/li>\n\n\n\n<li style=\"font-size:15px\">Informaci\u00f3n documentada y conocimiento organizacional<\/li>\n<\/ul>\n<\/div>\n<\/div>\n<\/div>\n\n\n\n<div data-wp-context=\"{ &quot;autoclose&quot;: false, &quot;accordionItems&quot;: [] }\" data-wp-interactive=\"core\/accordion\" role=\"group\" class=\"wp-block-accordion is-layout-flow wp-block-accordion-is-layout-flow\">\n<div data-wp-class--is-open=\"state.isOpen\" data-wp-context=\"{ &quot;id&quot;: &quot;accordion-item-4&quot;, &quot;openByDefault&quot;: false }\" data-wp-init=\"callbacks.initAccordionItems\" data-wp-on-window--hashchange=\"callbacks.hashChange\" class=\"wp-block-accordion-item is-layout-flow wp-block-accordion-item-is-layout-flow\">\n<h3 class=\"wp-block-accordion-heading has-background-color-background-color has-background\" style=\"font-size:18px\"><button aria-expanded=\"false\" aria-controls=\"accordion-item-4-panel\" data-wp-bind--aria-expanded=\"state.isOpen\" data-wp-on--click=\"actions.toggle\" data-wp-on--keydown=\"actions.handleKeyDown\" id=\"accordion-item-4\" class=\"wp-block-accordion-heading__toggle\"><span class=\"wp-block-accordion-heading__toggle-title\">M\u00f3dulo 4 \u2013 Planificaci\u00f3n y control operacional<\/span><span class=\"wp-block-accordion-heading__toggle-icon\" aria-hidden=\"true\">+<\/span><\/button><\/h3>\n\n\n\n<div inert aria-labelledby=\"accordion-item-4\" data-wp-bind--inert=\"!state.isOpen\" id=\"accordion-item-4-panel\" role=\"region\" class=\"wp-block-accordion-panel is-layout-flow wp-block-accordion-panel-is-layout-flow\">\n<ul class=\"wp-block-list\">\n<li style=\"font-size:15px\">Planificaci\u00f3n y control de los procesos operativos<\/li>\n\n\n\n<li style=\"font-size:15px\">Dise\u00f1o y desarrollo de productos y servicios<\/li>\n\n\n\n<li style=\"font-size:15px\">Gesti\u00f3n de proveedores y procesos externalizados<\/li>\n\n\n\n<li style=\"font-size:15px\">Producci\u00f3n y provisi\u00f3n del servicio<\/li>\n\n\n\n<li style=\"font-size:15px\">Control de salidas no conformes<\/li>\n<\/ul>\n<\/div>\n<\/div>\n<\/div>\n\n\n\n<div data-wp-context=\"{ &quot;autoclose&quot;: false, &quot;accordionItems&quot;: [] }\" data-wp-interactive=\"core\/accordion\" role=\"group\" class=\"wp-block-accordion is-layout-flow wp-block-accordion-is-layout-flow\">\n<div data-wp-class--is-open=\"state.isOpen\" data-wp-context=\"{ &quot;id&quot;: &quot;accordion-item-5&quot;, &quot;openByDefault&quot;: false }\" data-wp-init=\"callbacks.initAccordionItems\" data-wp-on-window--hashchange=\"callbacks.hashChange\" class=\"wp-block-accordion-item is-layout-flow wp-block-accordion-item-is-layout-flow\">\n<h3 class=\"wp-block-accordion-heading has-background-color-background-color has-background\" style=\"font-size:18px\"><button aria-expanded=\"false\" aria-controls=\"accordion-item-5-panel\" data-wp-bind--aria-expanded=\"state.isOpen\" data-wp-on--click=\"actions.toggle\" data-wp-on--keydown=\"actions.handleKeyDown\" id=\"accordion-item-5\" class=\"wp-block-accordion-heading__toggle\"><span class=\"wp-block-accordion-heading__toggle-title\">M\u00f3dulo 5 \u2013 Evaluaci\u00f3n del desempe\u00f1o<\/span><span class=\"wp-block-accordion-heading__toggle-icon\" aria-hidden=\"true\">+<\/span><\/button><\/h3>\n\n\n\n<div inert aria-labelledby=\"accordion-item-5\" data-wp-bind--inert=\"!state.isOpen\" id=\"accordion-item-5-panel\" role=\"region\" class=\"wp-block-accordion-panel is-layout-flow wp-block-accordion-panel-is-layout-flow\">\n<ul class=\"wp-block-list\">\n<li style=\"font-size:15px\">Seguimiento, medici\u00f3n y an\u00e1lisis del desempe\u00f1o del SGC<\/li>\n\n\n\n<li style=\"font-size:15px\">Evaluaci\u00f3n de la satisfacci\u00f3n del cliente<\/li>\n\n\n\n<li style=\"font-size:15px\">Auditor\u00edas internas como herramienta de mejora<\/li>\n\n\n\n<li style=\"font-size:15px\">Revisi\u00f3n por la Direcci\u00f3n<\/li>\n<\/ul>\n<\/div>\n<\/div>\n<\/div>\n\n\n\n<div data-wp-context=\"{ &quot;autoclose&quot;: false, &quot;accordionItems&quot;: [] }\" data-wp-interactive=\"core\/accordion\" role=\"group\" class=\"wp-block-accordion is-layout-flow wp-block-accordion-is-layout-flow\">\n<div data-wp-class--is-open=\"state.isOpen\" data-wp-context=\"{ &quot;id&quot;: &quot;accordion-item-6&quot;, &quot;openByDefault&quot;: false }\" data-wp-init=\"callbacks.initAccordionItems\" data-wp-on-window--hashchange=\"callbacks.hashChange\" class=\"wp-block-accordion-item is-layout-flow wp-block-accordion-item-is-layout-flow\">\n<h3 class=\"wp-block-accordion-heading has-background-color-background-color has-background\" style=\"font-size:18px\"><button aria-expanded=\"false\" aria-controls=\"accordion-item-6-panel\" data-wp-bind--aria-expanded=\"state.isOpen\" data-wp-on--click=\"actions.toggle\" data-wp-on--keydown=\"actions.handleKeyDown\" id=\"accordion-item-6\" class=\"wp-block-accordion-heading__toggle\"><span class=\"wp-block-accordion-heading__toggle-title\">M\u00f3dulo 6 \u2013 Mejora continua<\/span><span class=\"wp-block-accordion-heading__toggle-icon\" aria-hidden=\"true\">+<\/span><\/button><\/h3>\n\n\n\n<div inert aria-labelledby=\"accordion-item-6\" data-wp-bind--inert=\"!state.isOpen\" id=\"accordion-item-6-panel\" role=\"region\" class=\"wp-block-accordion-panel is-layout-flow wp-block-accordion-panel-is-layout-flow\">\n<ul class=\"wp-block-list\">\n<li style=\"font-size:15px\">Gesti\u00f3n de no conformidades<\/li>\n\n\n\n<li style=\"font-size:15px\">An\u00e1lisis de causas<\/li>\n\n\n\n<li style=\"font-size:15px\">Acciones correctivas<\/li>\n\n\n\n<li style=\"font-size:15px\">Mejora continua del Sistema de Gesti\u00f3n de la Calidad<\/li>\n<\/ul>\n<\/div>\n<\/div>\n<\/div>\n\n\n\n<div data-wp-context=\"{ &quot;autoclose&quot;: false, &quot;accordionItems&quot;: [] }\" data-wp-interactive=\"core\/accordion\" role=\"group\" class=\"wp-block-accordion is-layout-flow wp-block-accordion-is-layout-flow\">\n<div data-wp-class--is-open=\"state.isOpen\" data-wp-context=\"{ &quot;id&quot;: &quot;accordion-item-7&quot;, &quot;openByDefault&quot;: false }\" data-wp-init=\"callbacks.initAccordionItems\" data-wp-on-window--hashchange=\"callbacks.hashChange\" class=\"wp-block-accordion-item is-layout-flow wp-block-accordion-item-is-layout-flow\">\n<h3 class=\"wp-block-accordion-heading has-background-color-background-color has-background\" style=\"font-size:18px\"><button aria-expanded=\"false\" aria-controls=\"accordion-item-7-panel\" data-wp-bind--aria-expanded=\"state.isOpen\" data-wp-on--click=\"actions.toggle\" data-wp-on--keydown=\"actions.handleKeyDown\" id=\"accordion-item-7\" class=\"wp-block-accordion-heading__toggle\"><span class=\"wp-block-accordion-heading__toggle-title\">Cierre del programa<\/span><span class=\"wp-block-accordion-heading__toggle-icon\" aria-hidden=\"true\">+<\/span><\/button><\/h3>\n\n\n\n<div inert aria-labelledby=\"accordion-item-7\" data-wp-bind--inert=\"!state.isOpen\" id=\"accordion-item-7-panel\" role=\"region\" class=\"wp-block-accordion-panel is-layout-flow wp-block-accordion-panel-is-layout-flow\">\n<ul class=\"wp-block-list\">\n<li style=\"font-size:15px\">Definici\u00f3n y alineaci\u00f3n del procedimiento del SGC<\/li>\n\n\n\n<li style=\"font-size:15px\">Rol del Facilitador Interno en la sostenibilidad del sistema<\/li>\n<\/ul>\n<\/div>\n<\/div>\n<\/div>\n\n\n\n<div style=\"height:31px\" aria-hidden=\"true\" class=\"wp-block-spacer\"><\/div>\n\n\n\n<div class=\"wp-block-group\"><div class=\"wp-block-group__inner-container is-layout-constrained wp-block-group-is-layout-constrained\">\n<div class=\"wp-block-group has-white-background-color has-background\"><div class=\"wp-block-group__inner-container is-layout-constrained wp-block-group-is-layout-constrained\">\n<h2 class=\"wp-block-heading\" style=\"font-size:18px\">Metodolog\u00eda de trabajo <\/h2>\n\n\n\n<ul class=\"wp-block-list\">\n<li style=\"font-size:15px\">Lenguaje claro, accesible y orientado a la implementaci\u00f3n<\/li>\n\n\n\n<li style=\"font-size:15px\">Enfoque pr\u00e1ctico y participativo<\/li>\n\n\n\n<li style=\"font-size:15px\">An\u00e1lisis de casos reales<\/li>\n\n\n\n<li style=\"font-size:15px\">Ejercicios aplicados al SGC de la organizaci\u00f3n<\/li>\n<\/ul>\n<\/div><\/div>\n\n\n\n<h2 class=\"wp-block-heading\" style=\"font-size:18px\">Modalidad, duraci\u00f3n e inversi\u00f3n<\/h2>\n<\/div><\/div>\n\n\n\n<div class=\"wp-block-columns has-background-color-background-color has-background is-layout-flex wp-container-core-columns-is-layout-9d6595d7 wp-block-columns-is-layout-flex\">\n<div class=\"wp-block-column has-background-color-background-color has-background is-layout-flow wp-block-column-is-layout-flow\">\n<ul class=\"wp-block-list\">\n<li style=\"font-size:15px\"><strong>Duraci\u00f3n:<\/strong> 6 meses (marzo a agosto)<\/li>\n\n\n\n<li style=\"font-size:15px\"><strong>Cursado:<\/strong> una vez por semana<\/li>\n\n\n\n<li style=\"font-size:15px\"><strong>D\u00eda:<\/strong> jueves<\/li>\n<\/ul>\n<\/div>\n\n\n\n<div class=\"wp-block-column is-vertically-aligned-top has-background-color-background-color has-background is-layout-flow wp-block-column-is-layout-flow\">\n<ul class=\"wp-block-list\">\n<li style=\"font-size:15px\"><strong>Horario:<\/strong> de 18:00 a 20:00 hs<\/li>\n\n\n\n<li style=\"font-size:15px\"><strong>Modalidad:<\/strong> online en vivo<\/li>\n\n\n\n<li style=\"font-size:15px\"><strong>Inversi\u00f3n:<\/strong> $120.000 pesos argentinos (precio total del programa)<\/li>\n<\/ul>\n<\/div>\n<\/div>\n\n\n\n<div class=\"wp-block-group has-white-background-color has-background\"><div class=\"wp-block-group__inner-container is-layout-constrained wp-block-group-is-layout-constrained\">\n<h2 class=\"wp-block-heading\" style=\"font-size:18px\">Requisitos<\/h2>\n\n\n\n<p style=\"font-size:15px\">No se requieren conocimientos previos.<br>Se necesita:<\/p>\n\n\n\n<ul class=\"wp-block-list\">\n<li style=\"font-size:15px\">Equipo con conexi\u00f3n a internet<\/li>\n\n\n\n<li style=\"font-size:15px\">Software para lectura de archivos PDF<\/li>\n\n\n\n<li style=\"font-size:15px\">Copia de la Norma ISO 9001:2015<\/li>\n\n\n\n<li style=\"font-size:15px\">Compromiso y ganas de aprender<\/li>\n<\/ul>\n<\/div><\/div>\n\n\n\n<div class=\"wp-block-group has-background-color-background-color has-background\"><div class=\"wp-block-group__inner-container is-layout-constrained wp-block-group-is-layout-constrained\">\n<div style=\"height:28px\" aria-hidden=\"true\" class=\"wp-block-spacer\"><\/div>\n\n\n\n<h2 class=\"wp-block-heading\" style=\"font-size:18px\">\u00bfPor qu\u00e9 elegir esta capacitaci\u00f3n?<\/h2>\n\n\n\n<p style=\"font-size:15px\">Este programa permite desarrollar capacidades internas clave para fortalecer el Sistema de Gesti\u00f3n de la Calidad, asegurando su <strong>continuidad, eficacia y mejora sostenida en el tiempo<\/strong>. La formaci\u00f3n combina conocimiento normativo, experiencia pr\u00e1ctica y un enfoque orientado a resultados, alineado con las necesidades reales de las organizaciones.<\/p>\n\n\n\n<div style=\"height:21px\" aria-hidden=\"true\" class=\"wp-block-spacer\"><\/div>\n<\/div><\/div>\n\n\n\n<div style=\"height:25px\" aria-hidden=\"true\" class=\"wp-block-spacer\"><\/div>\n\n\n\n<h2 class=\"wp-block-heading\" style=\"font-size:18px\">Descripci\u00f3n de la capacitaci\u00f3n<\/h2>\n\n\n\n<p style=\"font-size:15px\">Esta formaci\u00f3n ha sido dise\u00f1ada para que los participantes <strong>comprendan en profundidad los requisitos de la Norma ISO 9001:2015<\/strong> y, principalmente, puedan <strong>aplicarlos de manera pr\u00e1ctica, ordenada y efectiva<\/strong> dentro de sus organizaciones.<\/p>\n\n\n\n<p style=\"font-size:15px\">A lo largo del programa, los asistentes no solo conocer\u00e1n el contenido de la norma, sino que aprender\u00e1n <strong>c\u00f3mo implementarla, mantenerla y mejorarla<\/strong>, adoptando un enfoque realista y alineado con la operativa diaria de las empresas. La capacitaci\u00f3n traduce los requisitos normativos a un <strong>lenguaje claro y accesible<\/strong>, facilitando su comprensi\u00f3n y aplicaci\u00f3n en organizaciones de distintos tama\u00f1os y sectores.<\/p>\n\n\n\n<p style=\"font-size:15px\">El enfoque del programa se apoya en <strong>ejemplos reales, casos pr\u00e1cticos y modelos de gesti\u00f3n<\/strong>, desarrollados e implementados en numerosas organizaciones, lo que permite a los participantes visualizar con claridad c\u00f3mo llevar cada requisito a la pr\u00e1ctica. Cada m\u00f3dulo incorpora instancias de aplicaci\u00f3n concreta, promoviendo que los conocimientos adquiridos se integren progresivamente al Sistema de Gesti\u00f3n de la Calidad de la propia organizaci\u00f3n.<\/p>\n\n\n\n<details class=\"wp-block-details has-accent-color has-text-color has-link-color wp-elements-a561d23779dae9299b0b0381d02d7920 is-layout-flow wp-block-details-is-layout-flow\" style=\"font-size:15px\"><summary><strong>Leer m\u00e1s<\/strong><\/summary>\n<p class=\"has-black-color has-text-color has-link-color wp-elements-5b208b03fb9a81c55b6d17a8ba345fad\" style=\"font-size:15px\">Durante el desarrollo del curso, los participantes trabajar\u00e1n sobre los distintos requisitos de la norma y, al finalizar cada bloque, contar\u00e1n con <strong>herramientas y lineamientos para avanzar en la implementaci\u00f3n<\/strong>, consolidando el rol del Facilitador Interno como un actor clave en la sostenibilidad del SGC.<\/p>\n\n\n\n<p class=\"has-black-color has-text-color has-link-color wp-elements-b5f67400b67d520dbbb86ec29764bc7b\" style=\"font-size:15px\">El programa gu\u00eda a los asistentes hasta la <strong>construcci\u00f3n de un cronograma de implementaci\u00f3n del SGC<\/strong>, contemplando actividades, responsables y tiempos estimados. Asimismo, se abordan los aspectos fundamentales del proceso de certificaci\u00f3n, brindando una visi\u00f3n clara sobre c\u00f3mo prepararse adecuadamente y evitar los errores m\u00e1s frecuentes detectados en auditor\u00edas.<\/p>\n\n\n\n<p class=\"has-black-color has-text-color has-link-color wp-elements-a2e9b45e2b51f8839ae76a106216f490\" style=\"font-size:15px\">Esta capacitaci\u00f3n resulta especialmente valiosa para organizaciones que buscan <strong>fortalecer su Sistema de Gesti\u00f3n de la Calidad desde adentro<\/strong>, desarrollando capacidades internas que aseguren la mejora continua y el cumplimiento sostenido de los requisitos de la Norma ISO 9001.<\/p>\n<\/details>\n\n\n\n<div style=\"height:26px\" aria-hidden=\"true\" class=\"wp-block-spacer\"><\/div>\n\n\n\n<div class=\"wp-block-group has-background-color-background-color has-background\"><div class=\"wp-block-group__inner-container is-layout-constrained wp-block-group-is-layout-constrained\">\n<div style=\"height:23px\" aria-hidden=\"true\" class=\"wp-block-spacer\"><\/div>\n\n\n\n<h2 class=\"wp-block-heading\" style=\"font-size:18px\">Consultas e inscripci\u00f3n<\/h2>\n\n\n\n<p class=\"has-accent-color has-text-color has-link-color wp-elements-7ac0d40f1bcf50a403aea41c4cdf0eee\" style=\"font-size:15px\"><a href=\"mailto:bahamondesablic@gmail.com\">bahamondesablic@gmail.com<\/a><\/p>\n\n\n\n<p class=\"has-accent-color has-text-color has-link-color wp-elements-da3ba2d41a444c81bf873488de82aa9a\" style=\"font-size:15px\"><a href=\"https:\/\/wa.me\/5492615073600\">+54 9 2615 07-3600<\/a><\/p>\n\n\n\n<div style=\"height:28px\" aria-hidden=\"true\" class=\"wp-block-spacer\"><\/div>\n<\/div><\/div>\n\n\n\n<p><\/p>\n","protected":false},"excerpt":{"rendered":"<p>Programa de Formaci\u00f3n basado en la Norma ISO 9001 Fortalezca el Sistema de Gesti\u00f3n de la Calidad desde dentro de su organizaci\u00f3n Esta capacitaci\u00f3n ha sido dise\u00f1ada para desarrollar Facilitadores Internos del Sistema de Gesti\u00f3n de la Calidad, capaces de acompa\u00f1ar, sostener y mejorar el SGC de manera sistem\u00e1tica y [&hellip;]<\/p>\n","protected":false},"author":1,"featured_media":728,"parent":0,"menu_order":0,"comment_status":"closed","ping_status":"closed","template":"","meta":{"footnotes":""},"class_list":["post-723","page","type-page","status-publish","has-post-thumbnail","hentry"],"_links":{"self":[{"href":"https:\/\/calidadbc.com\/index.php\/wp-json\/wp\/v2\/pages\/723","targetHints":{"allow":["GET"]}}],"collection":[{"href":"https:\/\/calidadbc.com\/index.php\/wp-json\/wp\/v2\/pages"}],"about":[{"href":"https:\/\/calidadbc.com\/index.php\/wp-json\/wp\/v2\/types\/page"}],"author":[{"embeddable":true,"href":"https:\/\/calidadbc.com\/index.php\/wp-json\/wp\/v2\/users\/1"}],"replies":[{"embeddable":true,"href":"https:\/\/calidadbc.com\/index.php\/wp-json\/wp\/v2\/comments?post=723"}],"version-history":[{"count":30,"href":"https:\/\/calidadbc.com\/index.php\/wp-json\/wp\/v2\/pages\/723\/revisions"}],"predecessor-version":[{"id":771,"href":"https:\/\/calidadbc.com\/index.php\/wp-json\/wp\/v2\/pages\/723\/revisions\/771"}],"wp:featuredmedia":[{"embeddable":true,"href":"https:\/\/calidadbc.com\/index.php\/wp-json\/wp\/v2\/media\/728"}],"wp:attachment":[{"href":"https:\/\/calidadbc.com\/index.php\/wp-json\/wp\/v2\/media?parent=723"}],"curies":[{"name":"wp","href":"https:\/\/api.w.org\/{rel}","templated":true}]}}